{"id":935,"date":"2024-10-02T14:58:54","date_gmt":"2024-10-02T14:58:54","guid":{"rendered":"https:\/\/america2026.eu\/events\/"},"modified":"2025-04-28T10:39:52","modified_gmt":"2025-04-28T10:39:52","slug":"events","status":"publish","type":"page","link":"https:\/\/america2026.eu\/fr\/events\/","title":{"rendered":"\u00c9v\u00e9nements"},"content":{"rendered":"<div class=\"wpb-content-wrapper\"><p>[vc_row pix_particles_check=\u00a0\u00bb\u00a0\u00bb el_id=\u00a0\u00bbevents-header\u00a0\u00bb][vc_column width=\u00a0\u00bb1\/2&Prime;][vc_column_text css=\u00a0\u00bb\u00a0\u00bb el_id=\u00a0\u00bbevents-header-h1&Prime;]<\/p>\n<h1>Rejoignez-nous lors des prochains rassemblements <strong data-start=\"86\" data-end=\"101\">AMERICA2026<\/strong>.<\/h1>\n<p>[\/vc_column_text][\/vc_column][vc_column width=\u00a0\u00bb1\/2&Prime; el_class=\u00a0\u00bbheading\u00a0\u00bb][vc_column_text css=\u00a0\u00bb\u00a0\u00bb]<\/p>\n<h5>D\u00e9couvrez notre calendrier des prochains <span class=\"error-spellcheck\" data-word=\"\u00e9v\u00e9nements\" data-suggestion=\"\u00e9v\u00e8nements|\u00e9vasements|\u00e9ventements|\u00e9nervements|\u00e9ventrements\">\u00e9v\u00e9nements<\/span> acad\u00e9miques, publications et ressources centr\u00e9s sur les histoires et les h\u00e9ritages de la R\u00e9volution am\u00e9ricaine, dans une perspective comparative europ\u00e9enne et transatlantique.<\/h5>\n<p>&nbsp;[\/vc_column_text][\/vc_column][\/vc_row][vc_row pix_particles_check=\u00a0\u00bb\u00a0\u00bb el_id=\u00a0\u00bbevents-upcoming\u00a0\u00bb][vc_column][vc_column_text css=\u00a0\u00bb\u00a0\u00bb el_id=\u00a0\u00bbupcoming-events-txt\u00a0\u00bb]<\/p>\n<h2>\u00c9v\u00e9nements \u00e0 venir<\/h2>\n<div class=\"event-items event-items-upcoming\">\n            \n                <div class=\"event-item event-item-upcoming item\">\n                    <img decoding=\"async\" src=\"https:\/\/america2026.eu\/wp-content\/uploads\/2026\/04\/Affiche_A4.jpg\" alt=\"\" class=\"event-image\">\n                    <div class=\"event-details\">\n                        <div class=\"event-details-1\">\n\n                            <div class=\"event-date-bloc\">\n                                <img decoding=\"async\" src=\"\/wp-content\/uploads\/2024\/10\/calendar-icon.svg\" class=\"event-icon-date\">\n                                <div class=\"event-date\">\n                                    19 June and 10 November 2026                                <\/div>\n                            <\/div>\n                            <span class=\"cercle-popup\"><\/span>\n                            <div class=\"event-entry-bloc\">\n                                <div class=\"event-entry\">\n                                                                    <\/div>\n                            <\/div>\n                        <\/div>\n        \n                        <div class=\"event-details-2\">\n                            <div class=\"event-location-bloc\">\n                                <img decoding=\"async\" src=\"\/wp-content\/uploads\/2024\/10\/markup-icon.svg\" class=\"event-icon-location\">\n                                <div class=\"event-location\">\n                                    La Rochelle                                <\/div>\n                            <\/div>\n                        <\/div>\n\n                    <\/div>\n                    <a \n                    data-date_display=\"19 June and 10 November 2026\" \n                    data-option_display=\"\" \n                    data-location_display=\"La Rochelle\" \n                    data-image_url=\"https:\/\/america2026.eu\/wp-content\/uploads\/2026\/04\/Affiche_A4.jpg\"\n                    data-title=\"Les Fran\u00e7ais et la naissance des \u00c9tats-Unis &#8211; Exposition\"\n                    data-file_url=\"#\" \n                    data-file_target=\"\" \n                    data-file_title=\" T\u00e9l\u00e9charger le programme \" \n                    data-description=\"&lt;div&gt;Le mus\u00e9e du Nouveau Monde de La Rochelle organise, en partenariat avec le programme ANR AMERICA 2026, une exposition intitul\u00e9e \u00ab Les Fran\u00e7ais et la naissance des \u00c9tats-Unis \u00bb (19 juin-&lt;span id=&quot;OBJ_PREFIX_DWT705_com_zimbra_date&quot; class=&quot;Object&quot; role=&quot;link&quot;&gt;&lt;span id=&quot;OBJ_PREFIX_DWT739_com_zimbra_date&quot; class=&quot;Object&quot; role=&quot;link&quot;&gt;16 novembre 2026&lt;\/span&gt;&lt;\/span&gt;).&lt;\/div&gt;\r\n&lt;div&gt;&lt;\/div&gt;\r\n&lt;div&gt;\u00c0 travers une riche s\u00e9lection de tableaux, gravures, objets, livres, cartes et manuscrits, cette exposition met en lumi\u00e8re les multiples facettes de la r\u00e9ception de la R\u00e9volution am\u00e9ricaine en France, de la fin du XVIII\u1d49 si\u00e8cle au d\u00e9but du XIX\u1d49 si\u00e8cle. Si l\u2019alliance franco-am\u00e9ricaine a suscit\u00e9 de nombreuses repr\u00e9sentations glorifiant la France et Louis XVI, la cr\u00e9ation d\u2019un nouveau mod\u00e8le politique, l\u2019\u00e9mergence de nouveaux leaders politiques et les bouleversements du monde atlantique engendr\u00e9s par la r\u00e9volte des colonies ont \u00e9galement marqu\u00e9 les esprits.&lt;\/div&gt;\r\n&lt;div&gt;\r\n&lt;div&gt;&lt;\/div&gt;\r\n&lt;div&gt;Mus\u00e9e du Nouveau Monde, 10 rue Fleuriau 17 000 La Rochelle, 05 46 41 46 50&lt;\/div&gt;\r\n&lt;div&gt;https:\/\/museedunouveaumonde.larochelle.fr&lt;\/div&gt;\r\n&lt;div&gt;musee-art@ville-larochelle.fr&lt;\/div&gt;\r\n&lt;div&gt;www.facebook.com\/mah17000&lt;\/div&gt;\r\n&lt;div&gt;www.instagram.com\/museedunouveaumonde&lt;\/div&gt;\r\n&lt;\/div&gt;\" \n                    href=\"javascript:;\" class=\"open-events hover-icon\"><h3 data-id=\"3282\">Les Fran\u00e7ais et la naissance des \u00c9tats-Unis &#8211; Exposition<\/h3><img decoding=\"async\" class=\"open-events-icon\" src=\"\/wp-content\/uploads\/2024\/10\/arrow-top-right.svg\"><\/a>\n                    <\/div>\n                \n                <div class=\"event-item event-item-upcoming item\">\n                    <img decoding=\"async\" src=\"https:\/\/america2026.eu\/wp-content\/uploads\/2024\/12\/RS66403_Palais_universitaire_printemps_2023_7941-lpr.jpg\" alt=\"\" class=\"event-image\">\n                    <div class=\"event-details\">\n                        <div class=\"event-details-1\">\n\n                            <div class=\"event-date-bloc\">\n                                <img decoding=\"async\" src=\"\/wp-content\/uploads\/2024\/10\/calendar-icon.svg\" class=\"event-icon-date\">\n                                <div class=\"event-date\">\n                                    22 June and 04 July 2026                                <\/div>\n                            <\/div>\n                            <span class=\"cercle-popup\"><\/span>\n                            <div class=\"event-entry-bloc\">\n                                <div class=\"event-entry\">\n                                                                    <\/div>\n                            <\/div>\n                        <\/div>\n        \n                        <div class=\"event-details-2\">\n                            <div class=\"event-location-bloc\">\n                                <img decoding=\"async\" src=\"\/wp-content\/uploads\/2024\/10\/markup-icon.svg\" class=\"event-icon-location\">\n                                <div class=\"event-location\">\n                                    Strasbourg                                <\/div>\n                            <\/div>\n                        <\/div>\n\n                    <\/div>\n                    <a \n                    data-date_display=\"22 June and 04 July 2026\" \n                    data-option_display=\"\" \n                    data-location_display=\"Strasbourg\" \n                    data-image_url=\"https:\/\/america2026.eu\/wp-content\/uploads\/2024\/12\/RS66403_Palais_universitaire_printemps_2023_7941-lpr.jpg\"\n                    data-title=\"Strasbourg Summer Program\"\n                    data-file_url=\"https:\/\/america2026.eu\/wp-content\/uploads\/2024\/12\/Summer-conference-copie.pdf\" \n                    data-file_target=\"\" \n                    data-file_title=\" T\u00e9l\u00e9charger le programme \" \n                    data-description=\"&lt;div class=&quot;page&quot; title=&quot;Page 1&quot;&gt;\r\n&lt;div class=&quot;section&quot;&gt;\r\n&lt;div class=&quot;layoutArea&quot;&gt;\r\n&lt;div class=&quot;column&quot;&gt;\r\n&lt;div&gt;&lt;b&gt;Join us in Strasbourg\u2014where American ideals met European debates\u2014to explore how the Revolution that began in 1776 reshaped the Atlantic world!&lt;\/b&gt;&lt;\/div&gt;\r\n&lt;div&gt;&lt;\/div&gt;\r\n&lt;div&gt;The Strasbourg Summer School, hosted at the\u00a0&lt;strong&gt;&lt;span id=&quot;OBJ_PREFIX_DWT327_com_zimbra_url&quot; class=&quot;Object&quot; role=&quot;link&quot;&gt;&lt;span id=&quot;OBJ_PREFIX_DWT334_com_zimbra_url&quot; class=&quot;Object&quot; role=&quot;link&quot;&gt;&lt;a href=&quot;https:\/\/en.unistra.fr\/&quot; target=&quot;_blank&quot; rel=&quot;nofollow noopener noreferrer&quot;&gt;University of Strasbourg&lt;\/a&gt;&lt;\/span&gt;&lt;\/span&gt;&lt;\/strong&gt;, France, offers U.S. and European undergraduates a tuition-free, immersive experience exploring the impact of the American Revolution on Europe. Supported by the French National Research Agency (&lt;strong&gt;&lt;span id=&quot;OBJ_PREFIX_DWT328_com_zimbra_url&quot; class=&quot;Object&quot; role=&quot;link&quot;&gt;&lt;span id=&quot;OBJ_PREFIX_DWT335_com_zimbra_url&quot; class=&quot;Object&quot; role=&quot;link&quot;&gt;&lt;a href=&quot;https:\/\/anr.fr\/en\/&quot; target=&quot;_blank&quot; rel=&quot;nofollow noopener noreferrer&quot;&gt;ANR&lt;\/a&gt;&lt;\/span&gt;&lt;\/span&gt;&lt;\/strong&gt;) and\u00a0&lt;strong&gt;&lt;span id=&quot;OBJ_PREFIX_DWT329_com_zimbra_url&quot; class=&quot;Object&quot; role=&quot;link&quot;&gt;&lt;span id=&quot;OBJ_PREFIX_DWT336_com_zimbra_url&quot; class=&quot;Object&quot; role=&quot;link&quot;&gt;&lt;a href=&quot;https:\/\/www.tgqf.org\/&quot; target=&quot;_blank&quot; rel=&quot;nofollow noopener noreferrer&quot;&gt;The Great Questions Foundation&lt;\/a&gt;&lt;\/span&gt;&lt;\/span&gt;&lt;\/strong&gt;, the program is co-organized by Ted Hadzi-Antich Jr. (Associate Professor of Government and Executive Director, The Great Questions Foundation) and Ghislain Potriquet (Associate Professor of American History, University of Strasbourg).\u00a0It is part of the\u00a0&lt;span id=&quot;OBJ_PREFIX_DWT330_com_zimbra_url&quot; class=&quot;Object&quot; role=&quot;link&quot;&gt;&lt;span id=&quot;OBJ_PREFIX_DWT337_com_zimbra_url&quot; class=&quot;Object&quot; role=&quot;link&quot;&gt;&lt;a href=&quot;https:\/\/america2026.eu\/fr\/&quot; target=&quot;_blank&quot; rel=&quot;nofollow noopener noreferrer&quot;&gt;&lt;strong&gt;AMERICA 2026&lt;\/strong&gt;\u00a0&lt;\/a&gt;&lt;\/span&gt;&lt;\/span&gt;program, a four-year international research initiative dedicated to studying how Europe understood and responded to the American Revolution.&lt;\/div&gt;\r\n&lt;div&gt;\r\n&lt;div&gt;\r\n&lt;div&gt;&lt;b&gt;\u00a0&lt;\/b&gt;&lt;\/div&gt;\r\n&lt;div&gt;&lt;\/div&gt;\r\n&lt;div&gt;&lt;\/div&gt;\r\n&lt;b&gt;What Makes This Program Unique for U.S. Students?&lt;\/b&gt;\r\n&lt;i&gt;\r\n&lt;\/i&gt;\r\n\r\n&lt;\/div&gt;\r\n&lt;div&gt;\r\n\r\n&lt;i&gt;Experience history in Europe&lt;\/i&gt;: Understand how the American Revolution was perceived abroad through primary sources written by French, Italian, Spanish, German, British, and Irish thinkers of the late 18th century.\r\n\r\n&lt;\/div&gt;\r\n&lt;div&gt;&lt;i&gt;Engage with experts:\u00a0&lt;\/i&gt;Each day, guest lecturers will present fresh perspectives on European responses to the Revolution.&lt;\/div&gt;\r\n&lt;div&gt;&lt;\/div&gt;\r\n&lt;div&gt;\r\n\r\n&lt;i&gt;Collaborate internationally:&lt;\/i&gt;\u00a0Study alongside French peers in a small cohort of 40 students, fostering dialogue and lasting connections across the Atlantic.\r\n\r\n&lt;\/div&gt;\r\n&lt;div&gt;\r\n\r\n&lt;i&gt;Cultural immersion:&lt;\/i&gt;Discover Strasbourg and its surroundings through cultural activities organized by the AMERICA 2026 project.\r\n\r\n&lt;\/div&gt;\r\n&lt;div&gt;\r\n\r\n&lt;i&gt;Develop new perspectives:&lt;\/i&gt; Gain a deeper, comparative understanding of the Revolution\u2019s global impact\u2014valuable preparation for further studies, careers in education, international relations, public service, and beyond.\r\n&lt;div&gt;&lt;b&gt;\u00a0&lt;\/b&gt;&lt;\/div&gt;\r\n&lt;b&gt;Eligibility:\u00a0&lt;\/b&gt;\r\n\r\n&lt;\/div&gt;\r\n&lt;div&gt;\r\n\r\nUndergraduate students from U.S. community colleges and four-year colleges, European undergraduates, and University of Strasbourg students in the English Studies BA program.\r\n\r\n&lt;\/div&gt;\r\n&lt;div&gt;\r\n\r\nUp to 20 students from the US will be invited to join up to 20 students from the EU and other global regions.\r\n&lt;div&gt;&lt;b&gt;\u00a0&lt;\/b&gt;&lt;\/div&gt;\r\n&lt;div&gt;&lt;\/div&gt;\r\n&lt;\/div&gt;\r\n&lt;div&gt;\r\n&lt;div&gt;&lt;b&gt;Application Deadline:\u00a0&lt;\/b&gt;&lt;\/div&gt;\r\n&lt;div&gt;We will be accepting applicants on a rolling basis beginning on 1 February, 2026.&lt;\/div&gt;\r\n&lt;div&gt;&lt;b&gt;\u00a0&lt;\/b&gt;&lt;\/div&gt;\r\n&lt;div&gt;&lt;\/div&gt;\r\n&lt;div&gt;&lt;b&gt;Please apply by February 1, 2026 for priority consideration&lt;\/b&gt;. This application will remain open until all spaces are filled or March 1, 2026 whichever comes first.&lt;\/div&gt;\r\n&lt;\/div&gt;\r\n&lt;div&gt;\r\n&lt;div&gt;&lt;b&gt;\u00a0&lt;\/b&gt;&lt;\/div&gt;\r\n&lt;div&gt;&lt;\/div&gt;\r\n&lt;b&gt;Tuition, Fees and Other Expenses&lt;\/b&gt;:\r\n\r\n&lt;\/div&gt;\r\n&lt;div&gt;\r\n\r\nThere will be no tuition or fees for admitted participants. A certificate of completion, detailing the course of study, will be issued to participants. The program will cover the costs of some group meals and receptions, as well as some cultural excursions. All other costs will be the responsibility of the participant.\r\n&lt;div&gt;&lt;b&gt;\u00a0&lt;\/b&gt;&lt;\/div&gt;\r\n&lt;b&gt;Visa&lt;\/b&gt;:\r\n\r\n&lt;\/div&gt;\r\n&lt;div&gt;\r\n\r\nNot presently required for E-U or US citizens.\r\n&lt;div&gt;&lt;b&gt;\u00a0&lt;\/b&gt;&lt;\/div&gt;\r\n&lt;b&gt;Accommodation:\u00a0&lt;\/b&gt;\r\n\r\n&lt;\/div&gt;\r\n&lt;div&gt;Pre-booked studio apartments in the\u00a0&lt;strong&gt;&lt;span id=&quot;OBJ_PREFIX_DWT331_com_zimbra_url&quot; class=&quot;Object&quot; role=&quot;link&quot;&gt;&lt;span id=&quot;OBJ_PREFIX_DWT338_com_zimbra_url&quot; class=&quot;Object&quot; role=&quot;link&quot;&gt;&lt;a href=&quot;https:\/\/www.crous-strasbourg.fr\/logement\/residence-gallia\/&quot; target=&quot;_blank&quot; rel=&quot;nofollow noopener noreferrer&quot;&gt;Gallia university dormitories&lt;\/a&gt;&lt;\/span&gt;&lt;\/span&gt;&lt;\/strong&gt;\u00a0available at \u20ac35\/night. Participants who stay in this facility will agree to follow the code-of-conduct and all residence rules.&lt;\/div&gt;\r\n&lt;div&gt;\r\n&lt;div&gt;&lt;b&gt;\u00a0&lt;\/b&gt;&lt;\/div&gt;\r\n&lt;div&gt;&lt;\/div&gt;\r\n&lt;b&gt;Travel:\u00a0&lt;\/b&gt;\r\n\r\n&lt;\/div&gt;\r\n&lt;div&gt;Students will be required to arrange and pay for their own travel to and from Strasbourg.&lt;\/div&gt;\r\n&lt;div&gt;\r\n&lt;div&gt;&lt;b&gt;\u00a0&lt;\/b&gt;&lt;\/div&gt;\r\n&lt;div&gt;&lt;\/div&gt;\r\n&lt;b&gt;Liability and Risk:\u00a0&lt;\/b&gt;\r\n\r\n&lt;\/div&gt;\r\n&lt;div&gt;Participants will assume all liability and risk, and will be required to sign a liability waiver and risk acknowledgment with their participation agreement. Participants are\u00a0independently responsible for their health, safety and comfort while in transit and throughout the duration of the program.&lt;\/div&gt;\r\n&lt;div&gt;\r\n&lt;div&gt;&lt;b&gt;\u00a0&lt;\/b&gt;&lt;\/div&gt;\r\n&lt;div&gt;&lt;\/div&gt;\r\n&lt;div&gt;&lt;strong&gt;Apply here:&lt;\/strong&gt;\u00a0&lt;strong&gt;&lt;span id=&quot;OBJ_PREFIX_DWT332_com_zimbra_url&quot; class=&quot;Object&quot; role=&quot;link&quot;&gt;&lt;span id=&quot;OBJ_PREFIX_DWT339_com_zimbra_url&quot; class=&quot;Object&quot; role=&quot;link&quot;&gt;&lt;a href=&quot;https:\/\/forms.gle\/QGCJf476CHK5EDhs6&quot; target=&quot;_blank&quot; rel=&quot;nofollow noopener noreferrer&quot;&gt;https:\/\/forms.gle\/QGCJf476CHK5EDhs6&lt;\/a&gt;&lt;\/span&gt;&lt;\/span&gt;&lt;\/strong&gt;&lt;\/div&gt;\r\n&lt;\/div&gt;\r\n&lt;\/div&gt;\r\n&lt;\/div&gt;\r\n&lt;div&gt;&lt;\/div&gt;\r\n&lt;\/div&gt;\r\n&lt;\/div&gt;\r\n&lt;\/div&gt;\" \n                    href=\"javascript:;\" class=\"open-events hover-icon\"><h3 data-id=\"3228\">Strasbourg Summer Program<\/h3><img decoding=\"async\" class=\"open-events-icon\" src=\"\/wp-content\/uploads\/2024\/10\/arrow-top-right.svg\"><\/a>\n                    <\/div>\n                        <\/div>\n        [\/vc_column_text][\/vc_column][\/vc_row][vc_row full_width=\u00a0\u00bbstretch_row\u00a0\u00bb pix_particles_check=\u00a0\u00bb\u00a0\u00bb el_id=\u00a0\u00bbevents-filter\u00a0\u00bb css=\u00a0\u00bb.vc_custom_1728984749878{border-color: #E8F1FF !important;}\u00a0\u00bb][vc_column][vc_column_text css=\u00a0\u00bb\u00a0\u00bb el_id=\u00a0\u00bbevents_filter\u00a0\u00bb]        <div class=\"event-filter-bloc\">\n            <div class=\"events-filter\">\n                <h2> Tous les \u00e9v\u00e9nements <\/h2>\n                <label style=\"display:none\"> Lieu de l&#039;\u00e9v\u00e9nement<\/label>\n                <div style=\"display:none\" class=\"location-filter-buttons\">\n                    <input id=\"filter-button-location\" type=\"text\" placeholder=\" Lieu de l&#039;\u00e9v\u00e9nement\">\n                <\/div>\n\n                <label>Statut de l&#039;\u00e9v\u00e9nement<\/label>\n                <div class=\"event-type-buttons\">\n                 \n                    <button data-event-type=\"upcoming\" class=\"event-type-button\">\n                         \u00c9v\u00e9nements \u00e0 venir                     <\/button>\n                    <button data-event-type=\"past\" class=\"event-type-button\">\n                        \u00c9v\u00e9nements pass\u00e9s                    <\/button>\n\n                <\/div>\n\n\n            <\/div>\n            <div id=\"events-container\">\n                <div class=\"event-items event-items-filter\">\n                                <div class=\"event-item event-item-filter\">\n                <img decoding=\"async\" src=\"https:\/\/america2026.eu\/wp-content\/uploads\/2024\/12\/RS66403_Palais_universitaire_printemps_2023_7941-lpr.jpg\" alt=\"\" class=\"event-image\">\n                <div class=\"event-details\">\n                    <div class=\"event-details-1\">\n                        <div class=\"event-date-bloc\">\n                            <img decoding=\"async\" src=\"\/wp-content\/uploads\/2024\/10\/calendar-icon.svg\" class=\"event-icon-date\">\n                            <div class=\"event-date\">\n                                22 June and 04 July 2026                            <\/div>\n                        <\/div>\n                        <span class=\"cercle-popup\"><\/span>\n                        <div class=\"event-entry-bloc\">\n                            <div class=\"event-entry\">\n                                                            <\/div>\n                        <\/div>\n                    <\/div>\n                    <div class=\"event-details-2\">\n                        <div class=\"event-location-bloc\">\n                            <img decoding=\"async\" src=\"\/wp-content\/uploads\/2024\/10\/markup-icon.svg\" class=\"event-icon-location\">\n                            <div class=\"event-location\">\n                                Strasbourg                            <\/div>\n                        <\/div>\n                    <\/div>\n                <\/div>\n                <a\n                    data-date_display=\"22 June and 04 July 2026\" \n                    data-option_display=\"\" \n                    data-location_display=\"Strasbourg\" \n                    data-image_url=\"https:\/\/america2026.eu\/wp-content\/uploads\/2024\/12\/RS66403_Palais_universitaire_printemps_2023_7941-lpr.jpg\"\n                    data-title=\"Strasbourg Summer Program\"\n                    data-file_url=\"https:\/\/america2026.eu\/wp-content\/uploads\/2024\/12\/Summer-conference-copie.pdf\" \n                    data-file_target=\"\" \n                    data-file_title=\" T\u00e9l\u00e9charger le programme \" \n                    data-description=\"&lt;div class=&quot;page&quot; title=&quot;Page 1&quot;&gt;\r\n&lt;div class=&quot;section&quot;&gt;\r\n&lt;div class=&quot;layoutArea&quot;&gt;\r\n&lt;div class=&quot;column&quot;&gt;\r\n&lt;div&gt;&lt;b&gt;Join us in Strasbourg\u2014where American ideals met European debates\u2014to explore how the Revolution that began in 1776 reshaped the Atlantic world!&lt;\/b&gt;&lt;\/div&gt;\r\n&lt;div&gt;&lt;\/div&gt;\r\n&lt;div&gt;The Strasbourg Summer School, hosted at the\u00a0&lt;strong&gt;&lt;span id=&quot;OBJ_PREFIX_DWT327_com_zimbra_url&quot; class=&quot;Object&quot; role=&quot;link&quot;&gt;&lt;span id=&quot;OBJ_PREFIX_DWT334_com_zimbra_url&quot; class=&quot;Object&quot; role=&quot;link&quot;&gt;&lt;a href=&quot;https:\/\/en.unistra.fr\/&quot; target=&quot;_blank&quot; rel=&quot;nofollow noopener noreferrer&quot;&gt;University of Strasbourg&lt;\/a&gt;&lt;\/span&gt;&lt;\/span&gt;&lt;\/strong&gt;, France, offers U.S. and European undergraduates a tuition-free, immersive experience exploring the impact of the American Revolution on Europe. Supported by the French National Research Agency (&lt;strong&gt;&lt;span id=&quot;OBJ_PREFIX_DWT328_com_zimbra_url&quot; class=&quot;Object&quot; role=&quot;link&quot;&gt;&lt;span id=&quot;OBJ_PREFIX_DWT335_com_zimbra_url&quot; class=&quot;Object&quot; role=&quot;link&quot;&gt;&lt;a href=&quot;https:\/\/anr.fr\/en\/&quot; target=&quot;_blank&quot; rel=&quot;nofollow noopener noreferrer&quot;&gt;ANR&lt;\/a&gt;&lt;\/span&gt;&lt;\/span&gt;&lt;\/strong&gt;) and\u00a0&lt;strong&gt;&lt;span id=&quot;OBJ_PREFIX_DWT329_com_zimbra_url&quot; class=&quot;Object&quot; role=&quot;link&quot;&gt;&lt;span id=&quot;OBJ_PREFIX_DWT336_com_zimbra_url&quot; class=&quot;Object&quot; role=&quot;link&quot;&gt;&lt;a href=&quot;https:\/\/www.tgqf.org\/&quot; target=&quot;_blank&quot; rel=&quot;nofollow noopener noreferrer&quot;&gt;The Great Questions Foundation&lt;\/a&gt;&lt;\/span&gt;&lt;\/span&gt;&lt;\/strong&gt;, the program is co-organized by Ted Hadzi-Antich Jr. (Associate Professor of Government and Executive Director, The Great Questions Foundation) and Ghislain Potriquet (Associate Professor of American History, University of Strasbourg).\u00a0It is part of the\u00a0&lt;span id=&quot;OBJ_PREFIX_DWT330_com_zimbra_url&quot; class=&quot;Object&quot; role=&quot;link&quot;&gt;&lt;span id=&quot;OBJ_PREFIX_DWT337_com_zimbra_url&quot; class=&quot;Object&quot; role=&quot;link&quot;&gt;&lt;a href=&quot;https:\/\/america2026.eu\/fr\/&quot; target=&quot;_blank&quot; rel=&quot;nofollow noopener noreferrer&quot;&gt;&lt;strong&gt;AMERICA 2026&lt;\/strong&gt;\u00a0&lt;\/a&gt;&lt;\/span&gt;&lt;\/span&gt;program, a four-year international research initiative dedicated to studying how Europe understood and responded to the American Revolution.&lt;\/div&gt;\r\n&lt;div&gt;\r\n&lt;div&gt;\r\n&lt;div&gt;&lt;b&gt;\u00a0&lt;\/b&gt;&lt;\/div&gt;\r\n&lt;div&gt;&lt;\/div&gt;\r\n&lt;div&gt;&lt;\/div&gt;\r\n&lt;b&gt;What Makes This Program Unique for U.S. Students?&lt;\/b&gt;\r\n&lt;i&gt;\r\n&lt;\/i&gt;\r\n\r\n&lt;\/div&gt;\r\n&lt;div&gt;\r\n\r\n&lt;i&gt;Experience history in Europe&lt;\/i&gt;: Understand how the American Revolution was perceived abroad through primary sources written by French, Italian, Spanish, German, British, and Irish thinkers of the late 18th century.\r\n\r\n&lt;\/div&gt;\r\n&lt;div&gt;&lt;i&gt;Engage with experts:\u00a0&lt;\/i&gt;Each day, guest lecturers will present fresh perspectives on European responses to the Revolution.&lt;\/div&gt;\r\n&lt;div&gt;&lt;\/div&gt;\r\n&lt;div&gt;\r\n\r\n&lt;i&gt;Collaborate internationally:&lt;\/i&gt;\u00a0Study alongside French peers in a small cohort of 40 students, fostering dialogue and lasting connections across the Atlantic.\r\n\r\n&lt;\/div&gt;\r\n&lt;div&gt;\r\n\r\n&lt;i&gt;Cultural immersion:&lt;\/i&gt;Discover Strasbourg and its surroundings through cultural activities organized by the AMERICA 2026 project.\r\n\r\n&lt;\/div&gt;\r\n&lt;div&gt;\r\n\r\n&lt;i&gt;Develop new perspectives:&lt;\/i&gt; Gain a deeper, comparative understanding of the Revolution\u2019s global impact\u2014valuable preparation for further studies, careers in education, international relations, public service, and beyond.\r\n&lt;div&gt;&lt;b&gt;\u00a0&lt;\/b&gt;&lt;\/div&gt;\r\n&lt;b&gt;Eligibility:\u00a0&lt;\/b&gt;\r\n\r\n&lt;\/div&gt;\r\n&lt;div&gt;\r\n\r\nUndergraduate students from U.S. community colleges and four-year colleges, European undergraduates, and University of Strasbourg students in the English Studies BA program.\r\n\r\n&lt;\/div&gt;\r\n&lt;div&gt;\r\n\r\nUp to 20 students from the US will be invited to join up to 20 students from the EU and other global regions.\r\n&lt;div&gt;&lt;b&gt;\u00a0&lt;\/b&gt;&lt;\/div&gt;\r\n&lt;div&gt;&lt;\/div&gt;\r\n&lt;\/div&gt;\r\n&lt;div&gt;\r\n&lt;div&gt;&lt;b&gt;Application Deadline:\u00a0&lt;\/b&gt;&lt;\/div&gt;\r\n&lt;div&gt;We will be accepting applicants on a rolling basis beginning on 1 February, 2026.&lt;\/div&gt;\r\n&lt;div&gt;&lt;b&gt;\u00a0&lt;\/b&gt;&lt;\/div&gt;\r\n&lt;div&gt;&lt;\/div&gt;\r\n&lt;div&gt;&lt;b&gt;Please apply by February 1, 2026 for priority consideration&lt;\/b&gt;. This application will remain open until all spaces are filled or March 1, 2026 whichever comes first.&lt;\/div&gt;\r\n&lt;\/div&gt;\r\n&lt;div&gt;\r\n&lt;div&gt;&lt;b&gt;\u00a0&lt;\/b&gt;&lt;\/div&gt;\r\n&lt;div&gt;&lt;\/div&gt;\r\n&lt;b&gt;Tuition, Fees and Other Expenses&lt;\/b&gt;:\r\n\r\n&lt;\/div&gt;\r\n&lt;div&gt;\r\n\r\nThere will be no tuition or fees for admitted participants. A certificate of completion, detailing the course of study, will be issued to participants. The program will cover the costs of some group meals and receptions, as well as some cultural excursions. All other costs will be the responsibility of the participant.\r\n&lt;div&gt;&lt;b&gt;\u00a0&lt;\/b&gt;&lt;\/div&gt;\r\n&lt;b&gt;Visa&lt;\/b&gt;:\r\n\r\n&lt;\/div&gt;\r\n&lt;div&gt;\r\n\r\nNot presently required for E-U or US citizens.\r\n&lt;div&gt;&lt;b&gt;\u00a0&lt;\/b&gt;&lt;\/div&gt;\r\n&lt;b&gt;Accommodation:\u00a0&lt;\/b&gt;\r\n\r\n&lt;\/div&gt;\r\n&lt;div&gt;Pre-booked studio apartments in the\u00a0&lt;strong&gt;&lt;span id=&quot;OBJ_PREFIX_DWT331_com_zimbra_url&quot; class=&quot;Object&quot; role=&quot;link&quot;&gt;&lt;span id=&quot;OBJ_PREFIX_DWT338_com_zimbra_url&quot; class=&quot;Object&quot; role=&quot;link&quot;&gt;&lt;a href=&quot;https:\/\/www.crous-strasbourg.fr\/logement\/residence-gallia\/&quot; target=&quot;_blank&quot; rel=&quot;nofollow noopener noreferrer&quot;&gt;Gallia university dormitories&lt;\/a&gt;&lt;\/span&gt;&lt;\/span&gt;&lt;\/strong&gt;\u00a0available at \u20ac35\/night. Participants who stay in this facility will agree to follow the code-of-conduct and all residence rules.&lt;\/div&gt;\r\n&lt;div&gt;\r\n&lt;div&gt;&lt;b&gt;\u00a0&lt;\/b&gt;&lt;\/div&gt;\r\n&lt;div&gt;&lt;\/div&gt;\r\n&lt;b&gt;Travel:\u00a0&lt;\/b&gt;\r\n\r\n&lt;\/div&gt;\r\n&lt;div&gt;Students will be required to arrange and pay for their own travel to and from Strasbourg.&lt;\/div&gt;\r\n&lt;div&gt;\r\n&lt;div&gt;&lt;b&gt;\u00a0&lt;\/b&gt;&lt;\/div&gt;\r\n&lt;div&gt;&lt;\/div&gt;\r\n&lt;b&gt;Liability and Risk:\u00a0&lt;\/b&gt;\r\n\r\n&lt;\/div&gt;\r\n&lt;div&gt;Participants will assume all liability and risk, and will be required to sign a liability waiver and risk acknowledgment with their participation agreement. Participants are\u00a0independently responsible for their health, safety and comfort while in transit and throughout the duration of the program.&lt;\/div&gt;\r\n&lt;div&gt;\r\n&lt;div&gt;&lt;b&gt;\u00a0&lt;\/b&gt;&lt;\/div&gt;\r\n&lt;div&gt;&lt;\/div&gt;\r\n&lt;div&gt;&lt;strong&gt;Apply here:&lt;\/strong&gt;\u00a0&lt;strong&gt;&lt;span id=&quot;OBJ_PREFIX_DWT332_com_zimbra_url&quot; class=&quot;Object&quot; role=&quot;link&quot;&gt;&lt;span id=&quot;OBJ_PREFIX_DWT339_com_zimbra_url&quot; class=&quot;Object&quot; role=&quot;link&quot;&gt;&lt;a href=&quot;https:\/\/forms.gle\/QGCJf476CHK5EDhs6&quot; target=&quot;_blank&quot; rel=&quot;nofollow noopener noreferrer&quot;&gt;https:\/\/forms.gle\/QGCJf476CHK5EDhs6&lt;\/a&gt;&lt;\/span&gt;&lt;\/span&gt;&lt;\/strong&gt;&lt;\/div&gt;\r\n&lt;\/div&gt;\r\n&lt;\/div&gt;\r\n&lt;\/div&gt;\r\n&lt;div&gt;&lt;\/div&gt;\r\n&lt;\/div&gt;\r\n&lt;\/div&gt;\r\n&lt;\/div&gt;\" \n                    href=\"javascript:;\" class=\"open-events hover-icon\">\n                    <h3 data-id=\"3228\">Strasbourg Summer Program<\/h3>\n                    <img decoding=\"async\" class=\"open-events-icon\" src=\"\/wp-content\/uploads\/2024\/10\/arrow-top-right.svg\">\n                <\/a>\n            <\/div>\n                        <div class=\"event-item event-item-filter\">\n                <img decoding=\"async\" src=\"https:\/\/america2026.eu\/wp-content\/uploads\/2026\/04\/Affiche_A4.jpg\" alt=\"\" class=\"event-image\">\n                <div class=\"event-details\">\n                    <div class=\"event-details-1\">\n                        <div class=\"event-date-bloc\">\n                            <img decoding=\"async\" src=\"\/wp-content\/uploads\/2024\/10\/calendar-icon.svg\" class=\"event-icon-date\">\n                            <div class=\"event-date\">\n                                19 June and 10 November 2026                            <\/div>\n                        <\/div>\n                        <span class=\"cercle-popup\"><\/span>\n                        <div class=\"event-entry-bloc\">\n                            <div class=\"event-entry\">\n                                                            <\/div>\n                        <\/div>\n                    <\/div>\n                    <div class=\"event-details-2\">\n                        <div class=\"event-location-bloc\">\n                            <img decoding=\"async\" src=\"\/wp-content\/uploads\/2024\/10\/markup-icon.svg\" class=\"event-icon-location\">\n                            <div class=\"event-location\">\n                                La Rochelle                            <\/div>\n                        <\/div>\n                    <\/div>\n                <\/div>\n                <a\n                    data-date_display=\"19 June and 10 November 2026\" \n                    data-option_display=\"\" \n                    data-location_display=\"La Rochelle\" \n                    data-image_url=\"https:\/\/america2026.eu\/wp-content\/uploads\/2026\/04\/Affiche_A4.jpg\"\n                    data-title=\"Les Fran\u00e7ais et la naissance des \u00c9tats-Unis &#8211; Exposition\"\n                    data-file_url=\"#\" \n                    data-file_target=\"\" \n                    data-file_title=\" T\u00e9l\u00e9charger le programme \" \n                    data-description=\"&lt;div&gt;Le mus\u00e9e du Nouveau Monde de La Rochelle organise, en partenariat avec le programme ANR AMERICA 2026, une exposition intitul\u00e9e \u00ab Les Fran\u00e7ais et la naissance des \u00c9tats-Unis \u00bb (19 juin-&lt;span id=&quot;OBJ_PREFIX_DWT705_com_zimbra_date&quot; class=&quot;Object&quot; role=&quot;link&quot;&gt;&lt;span id=&quot;OBJ_PREFIX_DWT739_com_zimbra_date&quot; class=&quot;Object&quot; role=&quot;link&quot;&gt;16 novembre 2026&lt;\/span&gt;&lt;\/span&gt;).&lt;\/div&gt;\r\n&lt;div&gt;&lt;\/div&gt;\r\n&lt;div&gt;\u00c0 travers une riche s\u00e9lection de tableaux, gravures, objets, livres, cartes et manuscrits, cette exposition met en lumi\u00e8re les multiples facettes de la r\u00e9ception de la R\u00e9volution am\u00e9ricaine en France, de la fin du XVIII\u1d49 si\u00e8cle au d\u00e9but du XIX\u1d49 si\u00e8cle. Si l\u2019alliance franco-am\u00e9ricaine a suscit\u00e9 de nombreuses repr\u00e9sentations glorifiant la France et Louis XVI, la cr\u00e9ation d\u2019un nouveau mod\u00e8le politique, l\u2019\u00e9mergence de nouveaux leaders politiques et les bouleversements du monde atlantique engendr\u00e9s par la r\u00e9volte des colonies ont \u00e9galement marqu\u00e9 les esprits.&lt;\/div&gt;\r\n&lt;div&gt;\r\n&lt;div&gt;&lt;\/div&gt;\r\n&lt;div&gt;Mus\u00e9e du Nouveau Monde, 10 rue Fleuriau 17 000 La Rochelle, 05 46 41 46 50&lt;\/div&gt;\r\n&lt;div&gt;https:\/\/museedunouveaumonde.larochelle.fr&lt;\/div&gt;\r\n&lt;div&gt;musee-art@ville-larochelle.fr&lt;\/div&gt;\r\n&lt;div&gt;www.facebook.com\/mah17000&lt;\/div&gt;\r\n&lt;div&gt;www.instagram.com\/museedunouveaumonde&lt;\/div&gt;\r\n&lt;\/div&gt;\" \n                    href=\"javascript:;\" class=\"open-events hover-icon\">\n                    <h3 data-id=\"3282\">Les Fran\u00e7ais et la naissance des \u00c9tats-Unis &#8211; Exposition<\/h3>\n                    <img decoding=\"async\" class=\"open-events-icon\" src=\"\/wp-content\/uploads\/2024\/10\/arrow-top-right.svg\">\n                <\/a>\n            <\/div>\n                        <div class=\"event-item event-item-filter\">\n                <img decoding=\"async\" src=\"https:\/\/america2026.eu\/wp-content\/uploads\/2026\/01\/photo_MILC-facade.jpg\" alt=\"\" class=\"event-image\">\n                <div class=\"event-details\">\n                    <div class=\"event-details-1\">\n                        <div class=\"event-date-bloc\">\n                            <img decoding=\"async\" src=\"\/wp-content\/uploads\/2024\/10\/calendar-icon.svg\" class=\"event-icon-date\">\n                            <div class=\"event-date\">\n                                05 and 06 February 2026                            <\/div>\n                        <\/div>\n                        <span class=\"cercle-popup\"><\/span>\n                        <div class=\"event-entry-bloc\">\n                            <div class=\"event-entry\">\n                                                            <\/div>\n                        <\/div>\n                    <\/div>\n                    <div class=\"event-details-2\">\n                        <div class=\"event-location-bloc\">\n                            <img decoding=\"async\" src=\"\/wp-content\/uploads\/2024\/10\/markup-icon.svg\" class=\"event-icon-location\">\n                            <div class=\"event-location\">\n                                Lyon                            <\/div>\n                        <\/div>\n                    <\/div>\n                <\/div>\n                <a\n                    data-date_display=\"05 and 06 February 2026\" \n                    data-option_display=\"\" \n                    data-location_display=\"Lyon\" \n                    data-image_url=\"https:\/\/america2026.eu\/wp-content\/uploads\/2026\/01\/photo_MILC-facade.jpg\"\n                    data-title=\"FEMMES \u00c0 L&rsquo;\u00c2GE DES R\u00c9VOLUTIONS: FRANCE ETATS-UNIS, EUROPE, 1776-1876\"\n                    data-file_url=\"https:\/\/america2026.eu\/wp-content\/uploads\/2026\/01\/Brochure-programme-Lyon-2026-copie-2.pdf\" \n                    data-file_target=\"\" \n                    data-file_title=\" T\u00e9l\u00e9charger le programme \" \n                    data-description=\"Le colloque &lt;em data-start=&quot;72&quot; data-end=&quot;144&quot;&gt;Femmes \u00e0 l\u2019\u00c2ge des R\u00e9volutions. France, \u00c9tats-Unis, Europe (1776\u20131876)&lt;\/em&gt; se tiendra les 5 et 6 f\u00e9vrier 2026 \u00e0 la Maison Internationale des Langues et des Cultures (MILC) \u00e0 Lyon. Il r\u00e9unira des chercheuses et chercheurs internationaux afin d\u2019analyser les r\u00f4les, les exp\u00e9riences et les engagements politiques des femmes \u00e0 l\u2019\u00e2ge des r\u00e9volutions. Adoptant une perspective transnationale, le colloque explorera le travail f\u00e9minin, la participation aux conflits r\u00e9volutionnaires, les circulations et les formes de suj\u00e9tion, les \u00e9critures de soi, ainsi que les contributions des femmes \u00e0 la pens\u00e9e politique. Enfin, le colloque interrogera les significations genr\u00e9es de la masculinit\u00e9 et de la citoyennet\u00e9 dans les soci\u00e9t\u00e9s r\u00e9volutionnaires.\" \n                    href=\"javascript:;\" class=\"open-events hover-icon\">\n                    <h3 data-id=\"3037\">FEMMES \u00c0 L&rsquo;\u00c2GE DES R\u00c9VOLUTIONS: FRANCE ETATS-UNIS, EUROPE, 1776-1876<\/h3>\n                    <img decoding=\"async\" class=\"open-events-icon\" src=\"\/wp-content\/uploads\/2024\/10\/arrow-top-right.svg\">\n                <\/a>\n            <\/div>\n                        <div class=\"event-item event-item-filter\">\n                <img decoding=\"async\" src=\"https:\/\/america2026.eu\/wp-content\/uploads\/2025\/07\/b1bfa13588f57ab1f9aebf8722e8ced8-scaled.webp\" alt=\"\" class=\"event-image\">\n                <div class=\"event-details\">\n                    <div class=\"event-details-1\">\n                        <div class=\"event-date-bloc\">\n                            <img decoding=\"async\" src=\"\/wp-content\/uploads\/2024\/10\/calendar-icon.svg\" class=\"event-icon-date\">\n                            <div class=\"event-date\">\n                                11 and 12 December 2025                            <\/div>\n                        <\/div>\n                        <span class=\"cercle-popup\"><\/span>\n                        <div class=\"event-entry-bloc\">\n                            <div class=\"event-entry\">\n                                                            <\/div>\n                        <\/div>\n                    <\/div>\n                    <div class=\"event-details-2\">\n                        <div class=\"event-location-bloc\">\n                            <img decoding=\"async\" src=\"\/wp-content\/uploads\/2024\/10\/markup-icon.svg\" class=\"event-icon-location\">\n                            <div class=\"event-location\">\n                                Middleburg, Pays-Bas                            <\/div>\n                        <\/div>\n                    <\/div>\n                <\/div>\n                <a\n                    data-date_display=\"11 and 12 December 2025\" \n                    data-option_display=\"\" \n                    data-location_display=\"Middleburg, Pays-Bas\" \n                    data-image_url=\"https:\/\/america2026.eu\/wp-content\/uploads\/2025\/07\/b1bfa13588f57ab1f9aebf8722e8ced8-scaled.webp\"\n                    data-title=\"American-Dutch Connections in the Revolutionary Era\"\n                    data-file_url=\"https:\/\/america2026.eu\/wp-content\/uploads\/2025\/07\/Nomadic.pdf\" \n                    data-file_target=\"\" \n                    data-file_title=\" T\u00e9l\u00e9charger le programme \" \n                    data-description=\"Le colloque &lt;em data-start=&quot;71&quot; data-end=&quot;124&quot;&gt;American-Dutch Connections in the Revolutionary Era&lt;\/em&gt; s\u2019est tenu les 11 et 12 d\u00e9cembre 2025 au Roosevelt Institute for American Studies \u00e0 Middelburg. Il a r\u00e9uni des chercheurs venus d\u2019Europe et des \u00c9tats-Unis afin d\u2019explorer les liens politiques, commerciaux et culturels entre les Provinces-Unies et l\u2019Am\u00e9rique \u00e0 l\u2019\u00e9poque des r\u00e9volutions. Le programme comprenait des panels th\u00e9matiques, une conf\u00e9rence inaugurale de Nathan Perl-Rosenthal et une discussion finale consacr\u00e9e aux connexions am\u00e9ricano-n\u00e9erlandaises dans le contexte r\u00e9volutionnaire.\u00a0 \u00a0 \u00a0 \u00a0 \u00a0 \u00a0 \u00a0 \u00a0 \u00a0 \u00a0 \u00a0 \u00a0 \u00a0 \u00a0 \u00a0 \u00a0 \u00a0 \u00a0 \u00a0 \u00a0 \u00a0 \u00a0 \u00a0 \u00a0 \u00a0 \u00a0 \u00a0 \u00a0 \u00a0 \u00a0 \u00a0 \u00a0 \u00a0 \u00a0 \u00a0 \u00a0 \u00a0 \u00a0 \u00a0 \u00a0 \u00a0 \u00a0 \u00a0 \u00a0 \u00a0 \u00a0 \u00a0 \u00a0 \u00a0 \u00a0 \u00a0 \u00a0 \u00a0 \u00a0 \u00a0 \u00a0 \u00a0 \u00a0 \u00a0 \u00a0 \u00a0 \u00a0 \u00a0 \u00a0 \u00a0 \u00a0 \u00a0 \u00a0 \u00a0 \u00a0 \u00a0 \u00a0 \u00a0 \u00a0 \u00a0 \u00a0 \u00a0 \u00a0 \u00a0 \u00a0 \u00a0 \u00a0 \u00a0 \u00a0 \u00a0 \u00a0 \u00a0 \u00a0 \u00a0 \u00a0 \u00a0 \u00a0 \u00a0 \u00a0 \u00a0 \u00a0 \u00a0 \u00a0 \u00a0 \u00a0 \u00a0 \u00a0 \u00a0 \u00a0 \u00a0 \u00a0 \u00a0 \u00a0 \u00a0 \u00a0 \u00a0 \u00a0&lt;strong&gt;\u00a0 \u00a0 \u00a0 \u00a0 \u00a0 \u00a0 \u00a0 \u00a0 \u00a0 \u00a0 \u00a0 \u00a0 \u00a0 \u00a0 \u00a0 \u00a0 \u00a0 \u00a0 \u00a0 \u00a0 \u00a0 \u00a0 \u00a0 \u00a0 \u00a0 \u00a0 \u00a0 \u00a0 \u00a0 \u00a0 \u00a0 \u00a0 \u00a0 \u00a0 \u00a0 \u00a0 \u00a0 \u00a0 \u00a0 \u00a0 \u00a0 \u00a0 T\u00e9l\u00e9charger le compte rendu sur le bouton du bas&lt;\/strong&gt;\" \n                    href=\"javascript:;\" class=\"open-events hover-icon\">\n                    <h3 data-id=\"2797\">American-Dutch Connections in the Revolutionary Era<\/h3>\n                    <img decoding=\"async\" class=\"open-events-icon\" src=\"\/wp-content\/uploads\/2024\/10\/arrow-top-right.svg\">\n                <\/a>\n            <\/div>\n                        <div class=\"event-item event-item-filter\">\n                <img decoding=\"async\" src=\"https:\/\/america2026.eu\/wp-content\/uploads\/2024\/10\/AdobeStock_19452054-scaled.jpeg\" alt=\"\" class=\"event-image\">\n                <div class=\"event-details\">\n                    <div class=\"event-details-1\">\n                        <div class=\"event-date-bloc\">\n                            <img decoding=\"async\" src=\"\/wp-content\/uploads\/2024\/10\/calendar-icon.svg\" class=\"event-icon-date\">\n                            <div class=\"event-date\">\n                                12 and 13 November 2024                            <\/div>\n                        <\/div>\n                        <span class=\"cercle-popup\"><\/span>\n                        <div class=\"event-entry-bloc\">\n                            <div class=\"event-entry\">\n                                                            <\/div>\n                        <\/div>\n                    <\/div>\n                    <div class=\"event-details-2\">\n                        <div class=\"event-location-bloc\">\n                            <img decoding=\"async\" src=\"\/wp-content\/uploads\/2024\/10\/markup-icon.svg\" class=\"event-icon-location\">\n                            <div class=\"event-location\">\n                                Toulouse                            <\/div>\n                        <\/div>\n                    <\/div>\n                <\/div>\n                <a\n                    data-date_display=\"12 and 13 November 2024\" \n                    data-option_display=\"\" \n                    data-location_display=\"Toulouse\" \n                    data-image_url=\"https:\/\/america2026.eu\/wp-content\/uploads\/2024\/10\/AdobeStock_19452054-scaled.jpeg\"\n                    data-title=\"American Politics and The Memory of The Revolution (18th-21st Centuries) &#8211; ANR\"\n                    data-file_url=\"https:\/\/america2026.eu\/wp-content\/uploads\/2024\/10\/Programme-colloque-Toulouse-America2026-novembre-2024.pdf\" \n                    data-file_target=\"\" \n                    data-file_title=\" T\u00e9l\u00e9charger le programme \" \n                    data-description=\"&lt;article class=&quot;text-token-text-primary w-full&quot; dir=&quot;auto&quot; data-testid=&quot;conversation-turn-66&quot; data-scroll-anchor=&quot;true&quot;&gt;\r\n&lt;div class=&quot;text-base my-auto mx-auto py-5 [--thread-content-margin:--spacing(4)] @[37rem]:[--thread-content-margin:--spacing(6)] @[70rem]:[--thread-content-margin:--spacing(12)] px-(--thread-content-margin)&quot;&gt;\r\n&lt;div class=&quot;[--thread-content-max-width:32rem] @[34rem]:[--thread-content-max-width:40rem] @[64rem]:[--thread-content-max-width:48rem] mx-auto flex max-w-(--thread-content-max-width) flex-1 text-base gap-4 md:gap-5 lg:gap-6 group\/turn-messages focus-visible:outline-hidden&quot; tabindex=&quot;-1&quot;&gt;\r\n&lt;div class=&quot;group\/conversation-turn relative flex w-full min-w-0 flex-col agent-turn&quot;&gt;\r\n&lt;div class=&quot;relative flex-col gap-1 md:gap-3&quot;&gt;\r\n&lt;div class=&quot;flex max-w-full flex-col grow&quot;&gt;\r\n&lt;div class=&quot;min-h-8 text-message relative flex w-full flex-col items-end gap-2 text-start break-words whitespace-normal [.text-message+&amp;]:mt-5&quot; dir=&quot;auto&quot; data-message-author-role=&quot;assistant&quot; data-message-id=&quot;c2eda8df-1e3a-43c9-9e30-6e085f9fee31&quot; data-message-model-slug=&quot;gpt-4o-mini&quot;&gt;\r\n&lt;div class=&quot;flex w-full flex-col gap-1 empty:hidden first:pt-[3px]&quot;&gt;\r\n&lt;div class=&quot;markdown prose dark:prose-invert w-full break-words dark&quot;&gt;\r\n&lt;p class=&quot;&quot; data-start=&quot;0&quot; data-end=&quot;1026&quot;&gt;La conf\u00e9rence financ\u00e9e par l&#039;ANR &lt;strong&gt;&lt;em data-start=&quot;33&quot; data-end=&quot;103&quot;&gt;American Politics and the Memory of the Revolution (18e-21e si\u00e8cles)&lt;\/em&gt; &lt;\/strong&gt;s\u2019est tenue les 12 et 13 novembre 2024 \u00e0 l\u2019Universit\u00e9 de Toulouse - Jean Jaur\u00e8s. Cet \u00e9v\u00e9nement, faisant partie de la s\u00e9rie AMERICA 2026, a explor\u00e9 diverses comm\u00e9morations et repr\u00e9sentations de la R\u00e9volution am\u00e9ricaine, y compris le 250e anniversaire \u00e0 venir. La conf\u00e9rence a pr\u00e9sent\u00e9 des interventions principales assur\u00e9es par Philip Mead et Patrick Griffin, ainsi que des panels ax\u00e9s sur l\u2019historiographie, l\u2019histoire publique et la m\u00e9moire culturelle. Parmi les intervenants figuraient des chercheurs tels que Nathalie Dessens, Bertrand Van Ruymbeke, Emmanuelle Perez-Tisserand, Guilhem de Mauraige, B\u00e9n\u00e9dicte Quilliec, Ghislain Potriquet, Fran\u00e7oise Coste, Mathilde Monge, Nadine Zimmerli, Bayard Miller, Benjamin Bernard, Florence Petroff, Jim Ambuske, Ian Ruskin, Magali Aigoin, Agn\u00e8s Delahaye, Emma Hart, Wim Klooster, Susanne Lachenicht, Marialuisa Innocenzi, James Taub, Frank Cogliano, Iris de Rode et Vincent Bouat-Ferlier.&lt;\/p&gt;\r\n\r\n&lt;\/div&gt;\r\n&lt;\/div&gt;\r\n&lt;\/div&gt;\r\n&lt;\/div&gt;\r\n&lt;\/div&gt;\r\n&lt;\/div&gt;\r\n&lt;\/div&gt;\r\n&lt;\/div&gt;\r\n&lt;\/article&gt;\" \n                    href=\"javascript:;\" class=\"open-events hover-icon\">\n                    <h3 data-id=\"1061\">American Politics and The Memory of The Revolution (18th-21st Centuries) &#8211; ANR<\/h3>\n                    <img decoding=\"async\" class=\"open-events-icon\" src=\"\/wp-content\/uploads\/2024\/10\/arrow-top-right.svg\">\n                <\/a>\n            <\/div>\n                        <div class=\"event-item event-item-filter\">\n                <img decoding=\"async\" src=\"https:\/\/america2026.eu\/wp-content\/uploads\/2024\/12\/6-Detail-Providence-from-the-North-Shore-of-the-Cove-Deroy-after-Milbert-Yale-Art-Gallery-1.jpg\" alt=\"\" class=\"event-image\">\n                <div class=\"event-details\">\n                    <div class=\"event-details-1\">\n                        <div class=\"event-date-bloc\">\n                            <img decoding=\"async\" src=\"\/wp-content\/uploads\/2024\/10\/calendar-icon.svg\" class=\"event-icon-date\">\n                            <div class=\"event-date\">\n                                20 and 22 June 2024                            <\/div>\n                        <\/div>\n                        <span class=\"cercle-popup\"><\/span>\n                        <div class=\"event-entry-bloc\">\n                            <div class=\"event-entry\">\n                                                            <\/div>\n                        <\/div>\n                    <\/div>\n                    <div class=\"event-details-2\">\n                        <div class=\"event-location-bloc\">\n                            <img decoding=\"async\" src=\"\/wp-content\/uploads\/2024\/10\/markup-icon.svg\" class=\"event-icon-location\">\n                            <div class=\"event-location\">\n                                Providence                            <\/div>\n                        <\/div>\n                    <\/div>\n                <\/div>\n                <a\n                    data-date_display=\"20 and 22 June 2024\" \n                    data-option_display=\"\" \n                    data-location_display=\"Providence\" \n                    data-image_url=\"https:\/\/america2026.eu\/wp-content\/uploads\/2024\/12\/6-Detail-Providence-from-the-North-Shore-of-the-Cove-Deroy-after-Milbert-Yale-Art-Gallery-1.jpg\"\n                    data-title=\"Archives of Revolution : A Conference About How We Make the Past\"\n                    data-file_url=\"https:\/\/america2026.eu\/wp-content\/uploads\/2024\/12\/Archives-of-Revolution-Program-6.20.24-FINAL-1.pdf\" \n                    data-file_target=\"\" \n                    data-file_title=\" T\u00e9l\u00e9charger le programme \" \n                    data-description=\"La conf\u00e9rence &lt;em data-start=&quot;14&quot; data-end=&quot;80&quot;&gt;Archives of Revolution : A Conference About How We Make the Past&lt;\/em&gt; a d\u00e9but\u00e9 par une intervention magistrale de Manuel Covo (UCSB) et Christopher Hodson (BYU) sur le journal de Jacques Peri\u00e8s pendant la R\u00e9volution ha\u00eftienne, intitul\u00e9e &quot;The Treasurer\u2019s Tale: A Lost Account of War, White Supremacy, and Black Radicalism in the Haitian Revolution&quot;. AMERICA2026 a organis\u00e9 un panel sur les archives &quot;des deux c\u00f4t\u00e9s de l&#039;Atlantique&quot;. Alors que Virginie Adane (Universit\u00e9 de Nantes) pr\u00e9sentait le projet de base de donn\u00e9es EPSAR (European Printed Sources on the American Revolution), au c\u0153ur de notre programme, Iris de Rode (Mount Vernon), Leila Tnainchi (Universit\u00e9 de Franche-Comt\u00e9) et Irma Toti (Universit\u00e9 Paris 8) ont analys\u00e9 comment les mat\u00e9riaux d&#039;archives n\u00e9glig\u00e9s disponibles dans les d\u00e9p\u00f4ts europ\u00e9ens peuvent remettre en question notre mani\u00e8re de concevoir la R\u00e9volution am\u00e9ricaine.\" \n                    href=\"javascript:;\" class=\"open-events hover-icon\">\n                    <h3 data-id=\"2456\">Archives of Revolution : A Conference About How We Make the Past<\/h3>\n                    <img decoding=\"async\" class=\"open-events-icon\" src=\"\/wp-content\/uploads\/2024\/10\/arrow-top-right.svg\">\n                <\/a>\n            <\/div>\n                        <div class=\"event-item event-item-filter\">\n                <img decoding=\"async\" src=\"https:\/\/america2026.eu\/wp-content\/uploads\/2024\/10\/image00018-scaled.jpeg\" alt=\"\" class=\"event-image\">\n                <div class=\"event-details\">\n                    <div class=\"event-details-1\">\n                        <div class=\"event-date-bloc\">\n                            <img decoding=\"async\" src=\"\/wp-content\/uploads\/2024\/10\/calendar-icon.svg\" class=\"event-icon-date\">\n                            <div class=\"event-date\">\n                                16 and 17 May 2024                            <\/div>\n                        <\/div>\n                        <span class=\"cercle-popup\"><\/span>\n                        <div class=\"event-entry-bloc\">\n                            <div class=\"event-entry\">\n                                                            <\/div>\n                        <\/div>\n                    <\/div>\n                    <div class=\"event-details-2\">\n                        <div class=\"event-location-bloc\">\n                            <img decoding=\"async\" src=\"\/wp-content\/uploads\/2024\/10\/markup-icon.svg\" class=\"event-icon-location\">\n                            <div class=\"event-location\">\n                                Tocqueville                            <\/div>\n                        <\/div>\n                    <\/div>\n                <\/div>\n                <a\n                    data-date_display=\"16 and 17 May 2024\" \n                    data-option_display=\"\" \n                    data-location_display=\"Tocqueville\" \n                    data-image_url=\"https:\/\/america2026.eu\/wp-content\/uploads\/2024\/10\/image00018-scaled.jpeg\"\n                    data-title=\"America 2026  New Perspectives on Constitutions in The  Era of Revolutions\"\n                    data-file_url=\"https:\/\/america2026.eu\/wp-content\/uploads\/2024\/10\/INTERNATIONAL-CONFERENCE-NEW-PERSPECTIVES-ON-CONSTITUTIONS-IN-THE-ERA-OF-REVOLUTIONS.pdf\" \n                    data-file_target=\"\" \n                    data-file_title=\" T\u00e9l\u00e9charger le programme \" \n                    data-description=\"&lt;span style=&quot;font-weight: 400;&quot;&gt;Le colloque &lt;\/span&gt;&lt;strong&gt;&lt;i&gt;New Perspectives on Constitutions in the Era of Revolutions&lt;\/i&gt;&lt;\/strong&gt;&lt;span style=&quot;font-weight: 400;&quot;&gt; a eu lieu les 16 et 17 mai 2024 au ch\u00e2teau historique de Tocqueville en Normandie. Cet \u00e9v\u00e9nement, faisant partie de la s\u00e9rie AMERICA 2026, a explor\u00e9 l&#039;\u00e9volution de la pens\u00e9e constitutionnelle \u00e0 la fin du XVIIIe si\u00e8cle, en mettant l&#039;accent sur les constitutions fran\u00e7aises et am\u00e9ricaines. Les th\u00e8mes cl\u00e9s comprenaient la cr\u00e9ation de cadres r\u00e9publicains, les contrastes entre les constitutions nationales et \u00e9tatiques, ainsi que les d\u00e9bats actuels sur les limites constitutionnelles. L&#039;\u00e9v\u00e9nement a pr\u00e9sent\u00e9 des interventions de chercheurs \u00e9minents tels que Jack N. Rakove, Patrick Spero, Brendan McConville, Eric Slauter, C\u00e9line Spector, Laur\u00e9line Fontaine, Margaux Bouaziz, Pierre-Fran\u00e7ois Peirano, Jack Bevacqua, Luke Foster, Emilie Mitran, Gabriel Darriulat, Sophia Rosenfeld et Florence Petroff.&lt;\/span&gt;\" \n                    href=\"javascript:;\" class=\"open-events hover-icon\">\n                    <h3 data-id=\"1063\">America 2026  New Perspectives on Constitutions in The  Era of Revolutions<\/h3>\n                    <img decoding=\"async\" class=\"open-events-icon\" src=\"\/wp-content\/uploads\/2024\/10\/arrow-top-right.svg\">\n                <\/a>\n            <\/div>\n                        <div class=\"event-item event-item-filter\">\n                <img decoding=\"async\" src=\"https:\/\/america2026.eu\/wp-content\/uploads\/2024\/10\/Vue_du_port_de_Nantes_prise_de_lile_Gloriette.jpg\" alt=\"\" class=\"event-image\">\n                <div class=\"event-details\">\n                    <div class=\"event-details-1\">\n                        <div class=\"event-date-bloc\">\n                            <img decoding=\"async\" src=\"\/wp-content\/uploads\/2024\/10\/calendar-icon.svg\" class=\"event-icon-date\">\n                            <div class=\"event-date\">\n                                28 and 29 March 2024                            <\/div>\n                        <\/div>\n                        <span class=\"cercle-popup\"><\/span>\n                        <div class=\"event-entry-bloc\">\n                            <div class=\"event-entry\">\n                                                            <\/div>\n                        <\/div>\n                    <\/div>\n                    <div class=\"event-details-2\">\n                        <div class=\"event-location-bloc\">\n                            <img decoding=\"async\" src=\"\/wp-content\/uploads\/2024\/10\/markup-icon.svg\" class=\"event-icon-location\">\n                            <div class=\"event-location\">\n                                Nantes                            <\/div>\n                        <\/div>\n                    <\/div>\n                <\/div>\n                <a\n                    data-date_display=\"28 and 29 March 2024\" \n                    data-option_display=\"\" \n                    data-location_display=\"Nantes\" \n                    data-image_url=\"https:\/\/america2026.eu\/wp-content\/uploads\/2024\/10\/Vue_du_port_de_Nantes_prise_de_lile_Gloriette.jpg\"\n                    data-title=\"Les Colonies Europ\u00e9ennes D\u2019Am\u00e9rique et la Naissance des \u00c9tats-Unis,  1776-D\u00e9but XIXe Si\u00e8cle &#8211; ANR\"\n                    data-file_url=\"https:\/\/america2026.eu\/wp-content\/uploads\/2024\/10\/Programme-colloque-Nantes-28-29-mars-2024.pdf\" \n                    data-file_target=\"\" \n                    data-file_title=\" T\u00e9l\u00e9charger le programme \" \n                    data-description=\"&lt;article class=&quot;text-token-text-primary w-full&quot; dir=&quot;auto&quot; data-testid=&quot;conversation-turn-64&quot; data-scroll-anchor=&quot;true&quot;&gt;\r\n&lt;div class=&quot;text-base my-auto mx-auto py-5 [--thread-content-margin:--spacing(4)] @[37rem]:[--thread-content-margin:--spacing(6)] @[70rem]:[--thread-content-margin:--spacing(12)] px-(--thread-content-margin)&quot;&gt;\r\n&lt;div class=&quot;[--thread-content-max-width:32rem] @[34rem]:[--thread-content-max-width:40rem] @[64rem]:[--thread-content-max-width:48rem] mx-auto flex max-w-(--thread-content-max-width) flex-1 text-base gap-4 md:gap-5 lg:gap-6 group\/turn-messages focus-visible:outline-hidden&quot; tabindex=&quot;-1&quot;&gt;\r\n&lt;div class=&quot;group\/conversation-turn relative flex w-full min-w-0 flex-col agent-turn&quot;&gt;\r\n&lt;div class=&quot;relative flex-col gap-1 md:gap-3&quot;&gt;\r\n&lt;div class=&quot;flex max-w-full flex-col grow&quot;&gt;\r\n&lt;div class=&quot;min-h-8 text-message relative flex w-full flex-col items-end gap-2 text-start break-words whitespace-normal [.text-message+&amp;]:mt-5&quot; dir=&quot;auto&quot; data-message-author-role=&quot;assistant&quot; data-message-id=&quot;ab4e8ace-7b4d-42ce-85e9-8991403bfa18&quot; data-message-model-slug=&quot;gpt-4o-mini&quot;&gt;\r\n&lt;div class=&quot;flex w-full flex-col gap-1 empty:hidden first:pt-[3px]&quot;&gt;\r\n&lt;div class=&quot;markdown prose dark:prose-invert w-full break-words dark&quot;&gt;\r\n&lt;p class=&quot;&quot; data-start=&quot;0&quot; data-end=&quot;1272&quot;&gt;La premi\u00e8re conf\u00e9rence financ\u00e9e par l&#039;ANR a \u00e9t\u00e9 organis\u00e9e par Eric Schnakenbourg (CRHIA\/Universit\u00e9 de Nantes) et visait \u00e0 situer les Treize Colonies dans un contexte atlantique et h\u00e9misph\u00e9rique d\u2019empires, de relations diplomatiques et de circulation des personnes, des id\u00e9es et des biens. Dans un premier panel, Trevor Burnard, Karim Ghorbal et Fran\u00e7oise Le Jeune nous ont invit\u00e9s \u00e0 placer la r\u00e9volution dans son contexte imp\u00e9rial britannique, en tenant compte des d\u00e9fis britanniques face \u00e0 l&#039;id\u00e9e d&#039;Empire, ou de la r\u00e9invention de son administration apr\u00e8s la perte des Treize Colonies. Giulio Talini, Eric Schnakenbourg et Victor Enthoven ont ensuite abord\u00e9 l&#039;impact \u00e9conomique, diplomatique et commercial de l&#039;ind\u00e9pendance am\u00e9ricaine sur les Antilles, avec l&#039;av\u00e8nement d&#039;un nouvel acteur diplomatique. Poussant la question antillaise et la liant \u00e0 celle de la race, Ashli White, Andy Cabot et Manuel Covo ont interrog\u00e9 la circulation d&#039;une culture politique europ\u00e9enne r\u00e9vis\u00e9e, notamment dans le contexte antillais. \u00c9tendant cette ouverture continentale et h\u00e9misph\u00e9rique, Emmanuelle Perez-Tisserant, Gilles Havard et Fr\u00e9d\u00e9ric Spillemacker ont abord\u00e9 les connexions de la R\u00e9volution avec l\u2019Ouest et la Californie, avec l\u2019Am\u00e9rique ib\u00e9rique et avec les nations autochtones.&lt;\/p&gt;\r\n\r\n&lt;\/div&gt;\r\n&lt;\/div&gt;\r\n&lt;\/div&gt;\r\n&lt;\/div&gt;\r\n&lt;\/div&gt;\r\n&lt;\/div&gt;\r\n&lt;\/div&gt;\r\n&lt;\/div&gt;\r\n&lt;\/article&gt;\" \n                    href=\"javascript:;\" class=\"open-events hover-icon\">\n                    <h3 data-id=\"1062\">Les Colonies Europ\u00e9ennes D\u2019Am\u00e9rique et la Naissance des \u00c9tats-Unis,  1776-D\u00e9but XIXe Si\u00e8cle &#8211; ANR<\/h3>\n                    <img decoding=\"async\" class=\"open-events-icon\" src=\"\/wp-content\/uploads\/2024\/10\/arrow-top-right.svg\">\n                <\/a>\n            <\/div>\n                        <div class=\"event-item event-item-filter\">\n                <img decoding=\"async\" src=\"https:\/\/america2026.eu\/wp-content\/uploads\/2024\/12\/oldbruton-williamsburg.jpg\" alt=\"\" class=\"event-image\">\n                <div class=\"event-details\">\n                    <div class=\"event-details-1\">\n                        <div class=\"event-date-bloc\">\n                            <img decoding=\"async\" src=\"\/wp-content\/uploads\/2024\/10\/calendar-icon.svg\" class=\"event-icon-date\">\n                            <div class=\"event-date\">\n                                26 and 28 October 2023                            <\/div>\n                        <\/div>\n                        <span class=\"cercle-popup\"><\/span>\n                        <div class=\"event-entry-bloc\">\n                            <div class=\"event-entry\">\n                                                            <\/div>\n                        <\/div>\n                    <\/div>\n                    <div class=\"event-details-2\">\n                        <div class=\"event-location-bloc\">\n                            <img decoding=\"async\" src=\"\/wp-content\/uploads\/2024\/10\/markup-icon.svg\" class=\"event-icon-location\">\n                            <div class=\"event-location\">\n                                Williamsburg, USA                            <\/div>\n                        <\/div>\n                    <\/div>\n                <\/div>\n                <a\n                    data-date_display=\"26 and 28 October 2023\" \n                    data-option_display=\"\" \n                    data-location_display=\"Williamsburg, USA\" \n                    data-image_url=\"https:\/\/america2026.eu\/wp-content\/uploads\/2024\/12\/oldbruton-williamsburg.jpg\"\n                    data-title=\"Contested Freedoms\"\n                    data-file_url=\"#\" \n                    data-file_target=\"\" \n                    data-file_title=\" T\u00e9l\u00e9charger le programme \" \n                    data-description=\"La conf\u00e9rence &lt;em data-start=&quot;14&quot; data-end=&quot;35&quot;&gt;\u201cContested Freedom\u201d&lt;\/em&gt; faisait partie d\u2019une s\u00e9rie de conf\u00e9rences \u201cFor 2026\u201d, organis\u00e9es par l\u2019Omohundro Institute for Early American History and Civilization. Virginie Adane (Universit\u00e9 de Nantes) a organis\u00e9 une session &lt;em data-start=&quot;233&quot; data-end=&quot;248&quot;&gt;\u201cAMERICA2026\u201d&lt;\/em&gt; abordant la question de \u201cla libert\u00e9 \u00e0 travers l\u2019Atlantique\u201d avec Annika B\u00e4rwald (Universit\u00e9 de Br\u00eame), Mathieu Ferradou (Universit\u00e9 de Nanterre), Megan Marushke (Universit\u00e9 de Leipzig) et Christine Mertens (MCEAS\/Roosevelt Institute). Ils ont discut\u00e9 des mobilit\u00e9s, de la soumission et de la libert\u00e9 dans le monde atlantique pendant l\u2019\u00e8re des r\u00e9volutions. Leur participation a permis de mettre en lumi\u00e8re la circulation des Africains anciennement r\u00e9duits en esclavage en Europe continentale (notamment \u00e0 Hambourg) et, dans le cadre d\u2019une attention accrue port\u00e9e au paradigme de la \u201cVast Early America\u201d, l\u2019importance de maintenir un paradigme imp\u00e9rial pour appr\u00e9hender la R\u00e9volution am\u00e9ricaine.\" \n                    href=\"javascript:;\" class=\"open-events hover-icon\">\n                    <h3 data-id=\"2459\">Contested Freedoms<\/h3>\n                    <img decoding=\"async\" class=\"open-events-icon\" src=\"\/wp-content\/uploads\/2024\/10\/arrow-top-right.svg\">\n                <\/a>\n            <\/div>\n                            <\/div>\n\n                                    <button id=\"load-more\" data-page=\"1\">\n                         Charger plus d&#039;\u00e9v\u00e9nements                     <\/button>\n                                <\/div>\n        <\/div>\n    [\/vc_column_text][\/vc_column][\/vc_row]<\/p>\n<\/div>","protected":false},"excerpt":{"rendered":"[vc_row pix_particles_check=\u00a0\u00bb\u00a0\u00bb el_id=\u00a0\u00bbevents-header\u00a0\u00bb][vc_column width=\u00a0\u00bb1\/2&Prime;][vc_column_text css=\u00a0\u00bb\u00a0\u00bb el_id=\u00a0\u00bbevents-header-h1&Prime;] Rejoignez-nous lors des prochains rassemblements AMERICA2026. [\/vc_column_text][\/vc_column][vc_column width=\u00a0\u00bb1\/2&Prime; el_class=\u00a0\u00bbheading\u00a0\u00bb][vc_column_text css=\u00a0\u00bb\u00a0\u00bb] D\u00e9couvrez notre calendrier des prochains \u00e9v\u00e9nements acad\u00e9miques, publications et ressources centr\u00e9s sur les histoires et les h\u00e9ritages de la R\u00e9volution am\u00e9ricaine, dans une perspective&#8230;","protected":false},"author":1,"featured_media":0,"parent":0,"menu_order":0,"comment_status":"closed","ping_status":"closed","template":"","meta":{"_acf_changed":false,"footnotes":""},"class_list":["post-935","page","type-page","status-publish","hentry"],"acf":[],"yoast_head":"<!-- This site is optimized with the Yoast SEO plugin v24.3 - https:\/\/yoast.com\/wordpress\/plugins\/seo\/ -->\n<title>\u00c9v\u00e9nements - America 2026<\/title>\n<meta name=\"robots\" content=\"index, follow, max-snippet:-1, max-image-preview:large, max-video-preview:-1\" \/>\n<link rel=\"canonical\" href=\"https:\/\/america2026.eu\/events\/\" \/>\n<meta property=\"og:locale\" content=\"fr_FR\" \/>\n<meta property=\"og:type\" content=\"article\" \/>\n<meta property=\"og:title\" content=\"\u00c9v\u00e9nements - America 2026\" \/>\n<meta property=\"og:description\" content=\"[vc_row pix_particles_check=\u00a0\u00bb\u00a0\u00bb el_id=\u00a0\u00bbevents-header\u00a0\u00bb][vc_column width=\u00a0\u00bb1\/2&Prime;][vc_column_text css=\u00a0\u00bb\u00a0\u00bb el_id=\u00a0\u00bbevents-header-h1&Prime;] Rejoignez-nous lors des prochains rassemblements AMERICA2026. [\/vc_column_text][\/vc_column][vc_column width=\u00a0\u00bb1\/2&Prime; el_class=\u00a0\u00bbheading\u00a0\u00bb][vc_column_text css=\u00a0\u00bb\u00a0\u00bb] D\u00e9couvrez notre calendrier des prochains \u00e9v\u00e9nements acad\u00e9miques, publications et ressources centr\u00e9s sur les histoires et les h\u00e9ritages de la R\u00e9volution am\u00e9ricaine, dans une perspective...\" \/>\n<meta property=\"og:url\" content=\"https:\/\/america2026.eu\/events\/\" \/>\n<meta property=\"og:site_name\" content=\"America 2026\" \/>\n<meta property=\"article:modified_time\" content=\"2025-04-28T10:39:52+00:00\" \/>\n<meta property=\"og:image\" content=\"https:\/\/america2026.eu\/wp-content\/uploads\/2024\/10\/Untitled-3.png\" \/>\n\t<meta property=\"og:image:width\" content=\"6579\" \/>\n\t<meta property=\"og:image:height\" content=\"1454\" \/>\n\t<meta property=\"og:image:type\" content=\"image\/png\" \/>\n<script type=\"application\/ld+json\" class=\"yoast-schema-graph\">{\"@context\":\"https:\/\/schema.org\",\"@graph\":[{\"@type\":\"WebPage\",\"@id\":\"https:\/\/america2026.eu\/events\/\",\"url\":\"https:\/\/america2026.eu\/events\/\",\"name\":\"\u00c9v\u00e9nements - America 2026\",\"isPartOf\":{\"@id\":\"https:\/\/america2026.eu\/#website\"},\"datePublished\":\"2024-10-02T14:58:54+00:00\",\"dateModified\":\"2025-04-28T10:39:52+00:00\",\"breadcrumb\":{\"@id\":\"https:\/\/america2026.eu\/events\/#breadcrumb\"},\"inLanguage\":\"fr-FR\",\"potentialAction\":[{\"@type\":\"ReadAction\",\"target\":[\"https:\/\/america2026.eu\/events\/\"]}]},{\"@type\":\"BreadcrumbList\",\"@id\":\"https:\/\/america2026.eu\/events\/#breadcrumb\",\"itemListElement\":[{\"@type\":\"ListItem\",\"position\":1,\"name\":\"Accueil\",\"item\":\"https:\/\/america2026.eu\/fr\/\"},{\"@type\":\"ListItem\",\"position\":2,\"name\":\"\u00c9v\u00e9nements\"}]},{\"@type\":\"WebSite\",\"@id\":\"https:\/\/america2026.eu\/#website\",\"url\":\"https:\/\/america2026.eu\/\",\"name\":\"America 2026\",\"description\":\"\",\"publisher\":{\"@id\":\"https:\/\/america2026.eu\/#organization\"},\"potentialAction\":[{\"@type\":\"SearchAction\",\"target\":{\"@type\":\"EntryPoint\",\"urlTemplate\":\"https:\/\/america2026.eu\/?s={search_term_string}\"},\"query-input\":{\"@type\":\"PropertyValueSpecification\",\"valueRequired\":true,\"valueName\":\"search_term_string\"}}],\"inLanguage\":\"fr-FR\"},{\"@type\":\"Organization\",\"@id\":\"https:\/\/america2026.eu\/#organization\",\"name\":\"America 2026\",\"url\":\"https:\/\/america2026.eu\/\",\"logo\":{\"@type\":\"ImageObject\",\"inLanguage\":\"fr-FR\",\"@id\":\"https:\/\/america2026.eu\/#\/schema\/logo\/image\/\",\"url\":\"https:\/\/america2026.eu\/wp-content\/uploads\/2024\/10\/Untitled-3.png\",\"contentUrl\":\"https:\/\/america2026.eu\/wp-content\/uploads\/2024\/10\/Untitled-3.png\",\"width\":6579,\"height\":1454,\"caption\":\"America 2026\"},\"image\":{\"@id\":\"https:\/\/america2026.eu\/#\/schema\/logo\/image\/\"}}]}<\/script>\n<!-- \/ Yoast SEO plugin. -->","yoast_head_json":{"title":"\u00c9v\u00e9nements - America 2026","robots":{"index":"index","follow":"follow","max-snippet":"max-snippet:-1","max-image-preview":"max-image-preview:large","max-video-preview":"max-video-preview:-1"},"canonical":"https:\/\/america2026.eu\/events\/","og_locale":"fr_FR","og_type":"article","og_title":"\u00c9v\u00e9nements - America 2026","og_description":"[vc_row pix_particles_check=\u00a0\u00bb\u00a0\u00bb el_id=\u00a0\u00bbevents-header\u00a0\u00bb][vc_column width=\u00a0\u00bb1\/2&Prime;][vc_column_text css=\u00a0\u00bb\u00a0\u00bb el_id=\u00a0\u00bbevents-header-h1&Prime;] Rejoignez-nous lors des prochains rassemblements AMERICA2026. [\/vc_column_text][\/vc_column][vc_column width=\u00a0\u00bb1\/2&Prime; el_class=\u00a0\u00bbheading\u00a0\u00bb][vc_column_text css=\u00a0\u00bb\u00a0\u00bb] D\u00e9couvrez notre calendrier des prochains \u00e9v\u00e9nements acad\u00e9miques, publications et ressources centr\u00e9s sur les histoires et les h\u00e9ritages de la R\u00e9volution am\u00e9ricaine, dans une perspective...","og_url":"https:\/\/america2026.eu\/events\/","og_site_name":"America 2026","article_modified_time":"2025-04-28T10:39:52+00:00","og_image":[{"width":6579,"height":1454,"url":"https:\/\/america2026.eu\/wp-content\/uploads\/2024\/10\/Untitled-3.png","type":"image\/png"}],"schema":{"@context":"https:\/\/schema.org","@graph":[{"@type":"WebPage","@id":"https:\/\/america2026.eu\/events\/","url":"https:\/\/america2026.eu\/events\/","name":"\u00c9v\u00e9nements - America 2026","isPartOf":{"@id":"https:\/\/america2026.eu\/#website"},"datePublished":"2024-10-02T14:58:54+00:00","dateModified":"2025-04-28T10:39:52+00:00","breadcrumb":{"@id":"https:\/\/america2026.eu\/events\/#breadcrumb"},"inLanguage":"fr-FR","potentialAction":[{"@type":"ReadAction","target":["https:\/\/america2026.eu\/events\/"]}]},{"@type":"BreadcrumbList","@id":"https:\/\/america2026.eu\/events\/#breadcrumb","itemListElement":[{"@type":"ListItem","position":1,"name":"Accueil","item":"https:\/\/america2026.eu\/fr\/"},{"@type":"ListItem","position":2,"name":"\u00c9v\u00e9nements"}]},{"@type":"WebSite","@id":"https:\/\/america2026.eu\/#website","url":"https:\/\/america2026.eu\/","name":"America 2026","description":"","publisher":{"@id":"https:\/\/america2026.eu\/#organization"},"potentialAction":[{"@type":"SearchAction","target":{"@type":"EntryPoint","urlTemplate":"https:\/\/america2026.eu\/?s={search_term_string}"},"query-input":{"@type":"PropertyValueSpecification","valueRequired":true,"valueName":"search_term_string"}}],"inLanguage":"fr-FR"},{"@type":"Organization","@id":"https:\/\/america2026.eu\/#organization","name":"America 2026","url":"https:\/\/america2026.eu\/","logo":{"@type":"ImageObject","inLanguage":"fr-FR","@id":"https:\/\/america2026.eu\/#\/schema\/logo\/image\/","url":"https:\/\/america2026.eu\/wp-content\/uploads\/2024\/10\/Untitled-3.png","contentUrl":"https:\/\/america2026.eu\/wp-content\/uploads\/2024\/10\/Untitled-3.png","width":6579,"height":1454,"caption":"America 2026"},"image":{"@id":"https:\/\/america2026.eu\/#\/schema\/logo\/image\/"}}]}},"_links":{"self":[{"href":"https:\/\/america2026.eu\/fr\/wp-json\/wp\/v2\/pages\/935","targetHints":{"allow":["GET"]}}],"collection":[{"href":"https:\/\/america2026.eu\/fr\/wp-json\/wp\/v2\/pages"}],"about":[{"href":"https:\/\/america2026.eu\/fr\/wp-json\/wp\/v2\/types\/page"}],"author":[{"embeddable":true,"href":"https:\/\/america2026.eu\/fr\/wp-json\/wp\/v2\/users\/1"}],"replies":[{"embeddable":true,"href":"https:\/\/america2026.eu\/fr\/wp-json\/wp\/v2\/comments?post=935"}],"version-history":[{"count":6,"href":"https:\/\/america2026.eu\/fr\/wp-json\/wp\/v2\/pages\/935\/revisions"}],"predecessor-version":[{"id":2617,"href":"https:\/\/america2026.eu\/fr\/wp-json\/wp\/v2\/pages\/935\/revisions\/2617"}],"wp:attachment":[{"href":"https:\/\/america2026.eu\/fr\/wp-json\/wp\/v2\/media?parent=935"}],"curies":[{"name":"wp","href":"https:\/\/api.w.org\/{rel}","templated":true}]}}